{"id":738,"date":"2022-02-10T18:40:16","date_gmt":"2022-02-10T17:40:16","guid":{"rendered":"http:\/\/saint-frajou.com\/?page_id=738"},"modified":"2022-12-19T10:13:31","modified_gmt":"2022-12-19T09:13:31","slug":"artisans-commercants-et-producteurs","status":"publish","type":"page","link":"https:\/\/www.saint-frajou.com\/index.php\/artisans-commercants-et-producteurs\/","title":{"rendered":"Artisans, commer\u00e7ants &#038; producteurs"},"content":{"rendered":"\n<h1 class=\"wp-block-heading\">La Bern\u00e8ze<\/h1>\n\n\n\n<div class=\"wp-block-media-text alignwide is-stacked-on-mobile is-image-fill\" style=\"grid-template-columns:40% auto\"><figure class=\"wp-block-media-text__media\" style=\"background-image:url(https:\/\/www.saint-frajou.com\/wp-content\/uploads\/2022\/03\/DSC_0039-1024x576.jpg);background-position:53% 65%\"><img fetchpriority=\"high\" decoding=\"async\" width=\"1024\" height=\"576\" src=\"https:\/\/www.saint-frajou.com\/wp-content\/uploads\/2022\/03\/DSC_0039-1024x576.jpg\" alt=\"\" class=\"wp-image-1162 size-full\" srcset=\"https:\/\/www.saint-frajou.com\/wp-content\/uploads\/2022\/03\/DSC_0039-1024x576.jpg 1024w, https:\/\/www.saint-frajou.com\/wp-content\/uploads\/2022\/03\/DSC_0039-300x169.jpg 300w, https:\/\/www.saint-frajou.com\/wp-content\/uploads\/2022\/03\/DSC_0039-768x432.jpg 768w, https:\/\/www.saint-frajou.com\/wp-content\/uploads\/2022\/03\/DSC_0039-1536x864.jpg 1536w, https:\/\/www.saint-frajou.com\/wp-content\/uploads\/2022\/03\/DSC_0039-2048x1152.jpg 2048w\" sizes=\"(max-width: 1024px) 100vw, 1024px\" \/><\/figure><div class=\"wp-block-media-text__content\">\n<p style=\"font-size:15px\">Je suis Brise Delsouiller, enfant de Saint-Frajou, j\u2019ai toujours r\u00eav\u00e9 d\u2019allier nomadisme et agriculture paysanne, r\u00eav\u00e9 de vivre et de travailler ici, sur nos superbes coteaux, r\u00eav\u00e9 de nourrir femmes, hommes et enfants fragulphiens et commingeois. <br>Depuis 20 ans ce r\u00eave est devenu r\u00e9alit\u00e9. Prenant la suite de mes parents, Marl\u00e8ne et Claude, j\u2019ai commenc\u00e9 la vente directe, je suis devenu p\u00e2tre en montagne et mon troupeau de 20 vaches Gasconnes des Pyr\u00e9n\u00e9es transhume avec moi des terres de Saint-Frajou vers les prairies d\u2019altitude de la haute Ari\u00e8ge pendant 5 mois.<\/p>\n\n\n\n<p>Adresse&nbsp;: Lieu-dit La Bern\u00e8ze | 31230 SAINT-FRAJOU<br>T\u00e9l\u00e9phone&nbsp;: 06 24 37 93 22<\/p>\n\n\n\n<div class=\"wp-block-buttons is-content-justification-center is-layout-flex wp-container-core-buttons-is-layout-a89b3969 wp-block-buttons-is-layout-flex\">\n<div class=\"wp-block-button has-custom-font-size is-style-fill has-small-font-size\"><a class=\"wp-block-button__link has-background wp-element-button\" href=\"www.berneze.fr\" style=\"border-radius:10px;background-color:#ff8200\">Acc\u00e9der au site internet<\/a><\/div>\n<\/div>\n\n\n\n<div style=\"height:20px\" aria-hidden=\"true\" class=\"wp-block-spacer\"><\/div>\n\n\n\n<figure class=\"wp-block-gallery has-nested-images columns-default is-cropped wp-block-gallery-1 is-layout-flex wp-block-gallery-is-layout-flex\">\n<figure class=\"wp-block-image size-thumbnail\"><a href=\"https:\/\/www.saint-frajou.com\/wp-content\/uploads\/2022\/03\/20200320_114917-1.jpg\"><img decoding=\"async\" width=\"150\" height=\"150\" data-id=\"1165\" src=\"https:\/\/www.saint-frajou.com\/wp-content\/uploads\/2022\/03\/20200320_114917-1-150x150.jpg\" alt=\"\" class=\"wp-image-1165\"\/><\/a><\/figure>\n\n\n\n<figure class=\"wp-block-image size-thumbnail\"><a href=\"https:\/\/www.saint-frajou.com\/wp-content\/uploads\/2022\/03\/DSC_0039-scaled.jpg\"><img decoding=\"async\" width=\"150\" height=\"150\" data-id=\"1162\" src=\"https:\/\/www.saint-frajou.com\/wp-content\/uploads\/2022\/03\/DSC_0039-150x150.jpg\" alt=\"\" class=\"wp-image-1162\"\/><\/a><\/figure>\n<\/figure>\n<\/div><\/div>\n\n\n\n<div style=\"height:100px\" aria-hidden=\"true\" class=\"wp-block-spacer\"><\/div>\n\n\n\n<h1 class=\"wp-block-heading\">Les Chercheurs de R\u00eaves<\/h1>\n\n\n\n<div class=\"wp-block-media-text alignwide is-stacked-on-mobile is-image-fill\" style=\"grid-template-columns:40% auto\"><figure class=\"wp-block-media-text__media\" style=\"background-image:url(https:\/\/www.saint-frajou.com\/wp-content\/uploads\/2022\/03\/les-chercheurs-de-reves1.jpg);background-position:56% 71%\"><img loading=\"lazy\" decoding=\"async\" width=\"193\" height=\"343\" src=\"https:\/\/www.saint-frajou.com\/wp-content\/uploads\/2022\/03\/les-chercheurs-de-reves1.jpg\" alt=\"\" class=\"wp-image-1177 size-full\" srcset=\"https:\/\/www.saint-frajou.com\/wp-content\/uploads\/2022\/03\/les-chercheurs-de-reves1.jpg 193w, https:\/\/www.saint-frajou.com\/wp-content\/uploads\/2022\/03\/les-chercheurs-de-reves1-169x300.jpg 169w\" sizes=\"(max-width: 193px) 100vw, 193px\" \/><\/figure><div class=\"wp-block-media-text__content\">\n<p style=\"font-size:15px\">Petit rucher artisanal sur une ferme BIO.<\/p>\n\n\n\n<p>Adresse&nbsp;: Lieu-dit Les Marqu\u00e8s | 31230 SAINT-FRAJOU<br>T\u00e9l\u00e9phone&nbsp;: 06 87 05 50 02<\/p>\n\n\n\n<div class=\"wp-block-buttons is-content-justification-center is-layout-flex wp-container-core-buttons-is-layout-a89b3969 wp-block-buttons-is-layout-flex\">\n<div class=\"wp-block-button has-custom-font-size is-style-fill has-small-font-size\"><a class=\"wp-block-button__link has-background wp-element-button\" href=\"www.lemarques.jimdo.com\" style=\"border-radius:10px;background-color:#ff8200\" target=\"_blank\" rel=\"noreferrer noopener\">Acc\u00e9der au site internet<\/a><\/div>\n<\/div>\n<\/div><\/div>\n\n\n\n<div style=\"height:100px\" aria-hidden=\"true\" class=\"wp-block-spacer\"><\/div>\n\n\n\n<h1 class=\"wp-block-heading\">Entreprise Pastre charpente<\/h1>\n\n\n\n<div class=\"wp-block-media-text alignwide is-stacked-on-mobile is-image-fill\" style=\"grid-template-columns:40% auto\"><figure class=\"wp-block-media-text__media\" style=\"background-image:url(https:\/\/www.saint-frajou.com\/wp-content\/uploads\/2022\/03\/laborer-building-the-roof-of-the-house-681x1024.jpg);background-position:50% 50%\"><img loading=\"lazy\" decoding=\"async\" width=\"681\" height=\"1024\" src=\"https:\/\/www.saint-frajou.com\/wp-content\/uploads\/2022\/03\/laborer-building-the-roof-of-the-house-681x1024.jpg\" alt=\"\" class=\"wp-image-1171 size-full\" srcset=\"https:\/\/www.saint-frajou.com\/wp-content\/uploads\/2022\/03\/laborer-building-the-roof-of-the-house-681x1024.jpg 681w, https:\/\/www.saint-frajou.com\/wp-content\/uploads\/2022\/03\/laborer-building-the-roof-of-the-house-200x300.jpg 200w, https:\/\/www.saint-frajou.com\/wp-content\/uploads\/2022\/03\/laborer-building-the-roof-of-the-house-768x1154.jpg 768w, https:\/\/www.saint-frajou.com\/wp-content\/uploads\/2022\/03\/laborer-building-the-roof-of-the-house-1022x1536.jpg 1022w, https:\/\/www.saint-frajou.com\/wp-content\/uploads\/2022\/03\/laborer-building-the-roof-of-the-house-1363x2048.jpg 1363w, https:\/\/www.saint-frajou.com\/wp-content\/uploads\/2022\/03\/laborer-building-the-roof-of-the-house-scaled.jpg 1703w\" sizes=\"(max-width: 681px) 100vw, 681px\" \/><\/figure><div class=\"wp-block-media-text__content\">\n<p style=\"font-size:15px\">Charpente, couverture et zinguerie neuf ou r\u00e9novation <\/p>\n\n\n\n<p>Adresse&nbsp;: 3, rue des remparts de l\u2019\u00e9glise | 31230 SAINT-FRAJOU<br>T\u00e9l\u00e9phone&nbsp;: 07 60 27 37 70<\/p>\n\n\n\n<div class=\"wp-block-buttons is-content-justification-center is-layout-flex wp-container-core-buttons-is-layout-a89b3969 wp-block-buttons-is-layout-flex\"><\/div>\n<\/div><\/div>\n\n\n\n<div style=\"height:76px\" aria-hidden=\"true\" class=\"wp-block-spacer\"><\/div>\n\n\n\n<h1 class=\"wp-block-heading\">Courtadiou et fils<\/h1>\n\n\n\n<div class=\"wp-block-media-text alignwide is-stacked-on-mobile is-image-fill\" style=\"grid-template-columns:40% auto\"><figure class=\"wp-block-media-text__media\" style=\"background-image:url(https:\/\/www.saint-frajou.com\/wp-content\/uploads\/2022\/03\/people-renovating-the-house-concept-1024x683.jpg);background-position:50% 50%\"><img loading=\"lazy\" decoding=\"async\" width=\"1024\" height=\"683\" src=\"https:\/\/www.saint-frajou.com\/wp-content\/uploads\/2022\/03\/people-renovating-the-house-concept-1024x683.jpg\" alt=\"\" class=\"wp-image-1182 size-full\" srcset=\"https:\/\/www.saint-frajou.com\/wp-content\/uploads\/2022\/03\/people-renovating-the-house-concept-1024x683.jpg 1024w, https:\/\/www.saint-frajou.com\/wp-content\/uploads\/2022\/03\/people-renovating-the-house-concept-300x200.jpg 300w, https:\/\/www.saint-frajou.com\/wp-content\/uploads\/2022\/03\/people-renovating-the-house-concept-768x512.jpg 768w, https:\/\/www.saint-frajou.com\/wp-content\/uploads\/2022\/03\/people-renovating-the-house-concept-1536x1024.jpg 1536w, https:\/\/www.saint-frajou.com\/wp-content\/uploads\/2022\/03\/people-renovating-the-house-concept-2048x1365.jpg 2048w, https:\/\/www.saint-frajou.com\/wp-content\/uploads\/2022\/03\/people-renovating-the-house-concept-360x240.jpg 360w\" sizes=\"(max-width: 1024px) 100vw, 1024px\" \/><\/figure><div class=\"wp-block-media-text__content\">\n<p style=\"font-size:15px\">Travaux de second \u0153uvre, peinture, sol, placopl\u00e2tre et travaux divers. <\/p>\n\n\n\n<p>Adresse&nbsp;: Lieu-dit Las Pountetos | 31230 SAINT-FRAJOU<br>T\u00e9l\u00e9phone&nbsp;: 06 74 68 29 86<\/p>\n\n\n\n<div class=\"wp-block-buttons is-content-justification-center is-layout-flex wp-container-core-buttons-is-layout-a89b3969 wp-block-buttons-is-layout-flex\"><\/div>\n<\/div><\/div>\n\n\n\n<h1 class=\"wp-block-heading\">Domaine Cap de Coste<\/h1>\n\n\n\n<div class=\"wp-block-media-text alignwide is-stacked-on-mobile is-image-fill\" style=\"grid-template-columns:39% auto\"><figure class=\"wp-block-media-text__media\" style=\"background-image:url(https:\/\/www.saint-frajou.com\/wp-content\/uploads\/2022\/12\/P5072650-1-1024x768.jpg);background-position:50% 50%\"><img loading=\"lazy\" decoding=\"async\" width=\"1024\" height=\"768\" src=\"https:\/\/www.saint-frajou.com\/wp-content\/uploads\/2022\/12\/P5072650-1-1024x768.jpg\" alt=\"\" class=\"wp-image-1379 size-full\" srcset=\"https:\/\/www.saint-frajou.com\/wp-content\/uploads\/2022\/12\/P5072650-1-1024x768.jpg 1024w, https:\/\/www.saint-frajou.com\/wp-content\/uploads\/2022\/12\/P5072650-1-300x225.jpg 300w, https:\/\/www.saint-frajou.com\/wp-content\/uploads\/2022\/12\/P5072650-1-768x576.jpg 768w, https:\/\/www.saint-frajou.com\/wp-content\/uploads\/2022\/12\/P5072650-1-1536x1152.jpg 1536w, https:\/\/www.saint-frajou.com\/wp-content\/uploads\/2022\/12\/P5072650-1-2048x1536.jpg 2048w\" sizes=\"(max-width: 1024px) 100vw, 1024px\" \/><\/figure><div class=\"wp-block-media-text__content\">\n<p style=\"font-size:15px\">Domaine Cap de Coste G\u00eete table et chambre d&rsquo;h\u00f4te  <\/p>\n\n\n\n<p>Adresse&nbsp;: Lieu-dit cugno  | 31230 SAINT-FRAJOU<br>T\u00e9l\u00e9phone&nbsp;: 06 24 22 41 10<\/p>\n\n\n\n<div class=\"wp-block-buttons is-content-justification-center is-layout-flex wp-container-core-buttons-is-layout-a89b3969 wp-block-buttons-is-layout-flex\">\n<div class=\"wp-block-button\"><a class=\"wp-block-button__link wp-element-button\" href=\"https:\/\/www.domainecapdecoste.com\/\" target=\"_blank\" rel=\"noreferrer noopener\">Domaine cap de Coste<\/a><\/div>\n<\/div>\n<\/div><\/div>\n\n\n\n<h1 class=\"wp-block-heading\">Domaine Les Marques<\/h1>\n\n\n\n<div class=\"wp-block-media-text alignwide is-stacked-on-mobile is-image-fill\" style=\"grid-template-columns:39% auto\"><figure class=\"wp-block-media-text__media\" style=\"background-image:url(https:\/\/www.saint-frajou.com\/wp-content\/uploads\/2022\/12\/60253_830299_12.jpg);background-position:50% 50%\"><img loading=\"lazy\" decoding=\"async\" width=\"1025\" height=\"768\" src=\"https:\/\/www.saint-frajou.com\/wp-content\/uploads\/2022\/12\/60253_830299_12.jpg\" alt=\"\" class=\"wp-image-1381 size-full\" srcset=\"https:\/\/www.saint-frajou.com\/wp-content\/uploads\/2022\/12\/60253_830299_12.jpg 1025w, https:\/\/www.saint-frajou.com\/wp-content\/uploads\/2022\/12\/60253_830299_12-300x225.jpg 300w, https:\/\/www.saint-frajou.com\/wp-content\/uploads\/2022\/12\/60253_830299_12-768x575.jpg 768w\" sizes=\"(max-width: 1025px) 100vw, 1025px\" \/><\/figure><div class=\"wp-block-media-text__content\">\n<p style=\"font-size:15px\">Domaine G\u00eete LE MARQUES<\/p>\n\n\n\n<p>Adresse&nbsp;: <em>Le Marqu\u00e8s<\/em>&nbsp;&#8211; 31230&nbsp;<em>SAINT<\/em>&#8211;<em>FRAJOU<\/em><br>T\u00e9l\u00e9phone&nbsp;: 06.47.36.38.35<\/p>\n\n\n\n<div class=\"wp-block-buttons is-content-justification-center is-layout-flex wp-container-core-buttons-is-layout-a89b3969 wp-block-buttons-is-layout-flex\">\n<div class=\"wp-block-button\"><a class=\"wp-block-button__link wp-element-button\" href=\"http:\/\/lemarques.jimdofree.com\">Domaine G\u00eete LE MARQUES<\/a><\/div>\n<\/div>\n<\/div><\/div>\n","protected":false},"excerpt":{"rendered":"<p>La Bern\u00e8ze Les Chercheurs de R\u00eaves Entreprise Pastre charpente Courtadiou et fils Domaine Cap de Coste Domaine Les Marques<\/p>\n","protected":false},"author":1,"featured_media":1188,"parent":0,"menu_order":0,"comment_status":"closed","ping_status":"closed","template":"","meta":{"footnotes":""},"class_list":["post-738","page","type-page","status-publish","has-post-thumbnail","hentry"],"_links":{"self":[{"href":"https:\/\/www.saint-frajou.com\/index.php\/wp-json\/wp\/v2\/pages\/738","targetHints":{"allow":["GET"]}}],"collection":[{"href":"https:\/\/www.saint-frajou.com\/index.php\/wp-json\/wp\/v2\/pages"}],"about":[{"href":"https:\/\/www.saint-frajou.com\/index.php\/wp-json\/wp\/v2\/types\/page"}],"author":[{"embeddable":true,"href":"https:\/\/www.saint-frajou.com\/index.php\/wp-json\/wp\/v2\/users\/1"}],"replies":[{"embeddable":true,"href":"https:\/\/www.saint-frajou.com\/index.php\/wp-json\/wp\/v2\/comments?post=738"}],"version-history":[{"count":16,"href":"https:\/\/www.saint-frajou.com\/index.php\/wp-json\/wp\/v2\/pages\/738\/revisions"}],"predecessor-version":[{"id":1406,"href":"https:\/\/www.saint-frajou.com\/index.php\/wp-json\/wp\/v2\/pages\/738\/revisions\/1406"}],"wp:featuredmedia":[{"embeddable":true,"href":"https:\/\/www.saint-frajou.com\/index.php\/wp-json\/wp\/v2\/media\/1188"}],"wp:attachment":[{"href":"https:\/\/www.saint-frajou.com\/index.php\/wp-json\/wp\/v2\/media?parent=738"}],"curies":[{"name":"wp","href":"https:\/\/api.w.org\/{rel}","templated":true}]}}