{"id":756,"date":"2022-02-10T18:44:54","date_gmt":"2022-02-10T17:44:54","guid":{"rendered":"http:\/\/saint-frajou.com\/?page_id=756"},"modified":"2024-10-14T16:36:46","modified_gmt":"2024-10-14T14:36:46","slug":"coordonnees-et-horaires-douverture-de-la-dechetterie","status":"publish","type":"page","link":"https:\/\/www.saint-frajou.com\/index.php\/coordonnees-et-horaires-douverture-de-la-dechetterie\/","title":{"rendered":"Coordonn\u00e9es et horaires d&rsquo;ouverture de la d\u00e9chetterie"},"content":{"rendered":"\n<div data-wp-interactive=\"core\/file\" class=\"wp-block-file\"><object data-wp-bind--hidden=\"!state.hasPdfPreview\" hidden class=\"wp-block-file__embed\" data=\"https:\/\/www.saint-frajou.com\/wp-content\/uploads\/2024\/10\/Affiche-Mise-en-place-controle-dacces.pdf\" type=\"application\/pdf\" style=\"width:100%;height:600px\" aria-label=\"Contenu embarqu\u00e9 Affiche Mise en place contr\u00f4le d&apos;acc\u00e8s.\"><\/object><a id=\"wp-block-file--media-91608bf8-51a3-4e04-9333-98c34307e260\" href=\"https:\/\/www.saint-frajou.com\/wp-content\/uploads\/2024\/10\/Affiche-Mise-en-place-controle-dacces.pdf\">Affiche Mise en place contr\u00f4le d&rsquo;acc\u00e8s<\/a><a href=\"https:\/\/www.saint-frajou.com\/wp-content\/uploads\/2024\/10\/Affiche-Mise-en-place-controle-dacces.pdf\" class=\"wp-block-file__button wp-element-button\" download aria-describedby=\"wp-block-file--media-91608bf8-51a3-4e04-9333-98c34307e260\">T\u00e9l\u00e9charger<\/a><\/div>\n\n\n\n<p>La D\u00e9ch\u00e8terie de l\u2019Isle-en-dodon fait partie des d\u00e9chetteries de la r\u00e9gion Occitanie et du d\u00e9partement de la Haute-Garonne, cette structure se trouve dans la commune de L&rsquo;Isle-en-Dodon et a ouvert ses portes le 3 juillet 2007.<\/p>\n\n\n\n<p>Vous pouvez joindre cette d\u00e9chetterie par t\u00e9l\u00e9phone, par fax ou en vous rendant sur place en respectant les heures d&rsquo;ouverture.<\/p>\n\n\n\n<p>Vous pouvez obtenir des informations compl\u00e9mentaires sur cette d\u00e9chetterie en vous rendant sur le site Internet officiel de la mairie de la commune o\u00f9 elle se trouve ou bien sur celui de l&rsquo;exploitant de la d\u00e9chetterie dans le cas o\u00f9 il en existe un.<\/p>\n\n\n\n<p>Les communes qui ont acc\u00e8s \u00e0 cette d\u00e9chetterie sont au nombre de 104, soit environ 44429 habitants.<\/p>\n\n\n\n<p>Communaut\u00e9 de Communes Coeur et Coteaux du Comminges est en charge de l&rsquo;exploitation de cette d\u00e9chetterie et donc du respect de la r\u00e9glementation en vigueur la concernant (formation du personnel habilit\u00e9 \u00e0 r\u00e9ceptionner les d\u00e9chets toxiques s&rsquo;il y a lieu, zone de stockage des d\u00e9chets dangereux sp\u00e9cifiques, accessibilit\u00e9s des v\u00e9hicules de secours et anti-incendie si besoin&#8230;).<\/p>\n\n\n\n<p>Voici les informations utiles au sujet de la D\u00e9ch\u00e8terie de l\u2019Isle-en-dodon qui vous permettront, notamment de savoir quels d\u00e9chets vous pouvez y d\u00e9poser ainsi que l&rsquo;int\u00e9gralit\u00e9 des informations pour vous rendre dans cette d\u00e9ch\u00e9terie ou pour la joindre.<\/p>\n\n\n\n<h3 class=\"wp-block-heading\" id=\"adresse-postale-et-acces\">Adresse postale et acc\u00e8s<\/h3>\n\n\n\n<h4 class=\"wp-block-heading\" id=\"adresse\">Adresse<\/h4>\n\n\n\n<p><strong>D\u00e9chetterie de l\u2019Isle-en-dodon<br><\/strong>Rd6 Route de Molas<br>31230 L&rsquo;Isle-en-Dodon<\/p>\n\n\n\n<h4 class=\"wp-block-heading\" id=\"telephone\">T\u00e9l\u00e9phone<\/h4>\n\n\n\n<p>Afficher le num\u00e9ro<\/p>\n\n\n\n<p>Ce num\u00e9ro de t\u00e9l\u00e9phone n&rsquo;est pas celui du destinataire mais celui d&rsquo;un service valable depuis la France m\u00e9tropole pour obtenir directement le num\u00e9ro de t\u00e9l\u00e9phone de ce dernier.<\/p>\n\n\n\n<p>L&rsquo;acc\u00e8s \u00e0 la d\u00e9chetterie est gratuit pour les particuliers. Dans le cas o\u00f9 vous avez des volumes importants, un v\u00e9hicule avec un PTAC \u00e9lev\u00e9 ou encore un fourgon \/ une camionnette, renseignez-vous au pr\u00e9alable (par t\u00e9l\u00e9phone ou sur le site) afin de savoir s&rsquo;il existe une limite dans cette d\u00e9chetterie.<\/p>\n\n\n\n<h3 class=\"wp-block-heading\" id=\"horaires-d-ouverture\">Horaires d&rsquo;ouverture<\/h3>\n\n\n\n<p>Hiver : du 01\/11 au 14\/03<br>Mardi et vendredi de 14 h \u00e0 17 h \/samedi de 9 h \u00e0 12 h et de 14 h \u00e0 17 h<\/p>\n\n\n\n<p>Et\u00e9 : du 15\/03 au 31\/10<br>Mardi, jeudi et vendredi de 14 h \u00e0 19 h \/ mercredi et samedi de 9 h \u00e0 12 h et de 14 h \u00e0 19 h<\/p>\n\n\n\n<p>En fonction des heures de passage, certaines bennes peuvent \u00eatre inaccessibles.<\/p>\n\n\n\n<figure class=\"wp-block-image size-large is-resized\"><img fetchpriority=\"high\" decoding=\"async\" width=\"1024\" height=\"724\" src=\"http:\/\/saint-frajou.com\/wp-content\/uploads\/2022\/02\/Memotri-1024x724.jpg\" alt=\"\" class=\"wp-image-839\" style=\"width:900px;height:636px\" srcset=\"https:\/\/www.saint-frajou.com\/wp-content\/uploads\/2022\/02\/Memotri-1024x724.jpg 1024w, https:\/\/www.saint-frajou.com\/wp-content\/uploads\/2022\/02\/Memotri-300x212.jpg 300w, https:\/\/www.saint-frajou.com\/wp-content\/uploads\/2022\/02\/Memotri-768x543.jpg 768w, https:\/\/www.saint-frajou.com\/wp-content\/uploads\/2022\/02\/Memotri-1536x1086.jpg 1536w, https:\/\/www.saint-frajou.com\/wp-content\/uploads\/2022\/02\/Memotri-2048x1448.jpg 2048w\" sizes=\"(max-width: 1024px) 100vw, 1024px\" \/><\/figure>\n\n\n\n<h3 class=\"wp-block-heading\" id=\"infos-utiles\">Autres d\u00e9chetteries \u00e0 proximit\u00e9<\/h3>\n\n\n\n<p><strong>D\u00e9chetterie de Blajan<\/strong>&nbsp;&#8211; Distance : 11 km<br><strong>D\u00e9chetterie de Boussan<\/strong> &#8211; Distance : 21 km<\/p>\n\n\n\n<div class=\"wp-block-buttons is-layout-flex wp-block-buttons-is-layout-flex\">\n<div class=\"wp-block-button\"><a class=\"wp-block-button__link wp-element-button\" href=\"https:\/\/www.coeurcoteaux-comminges.fr\/vivre-bouger\/dechets-menagers\/dechetteries-655\" target=\"_blank\" rel=\"noreferrer noopener\">Plus d&rsquo;informations sur les d\u00e9chetteries<\/a><\/div>\n<\/div>\n\n\n\n<p><\/p>\n","protected":false},"excerpt":{"rendered":"<p>La D\u00e9ch\u00e8terie de l\u2019Isle-en-dodon fait partie des d\u00e9chetteries de la r\u00e9gion Occitanie et du d\u00e9partement de la Haute-Garonne, cette structure se trouve dans la commune de L&rsquo;Isle-en-Dodon et a ouvert ses portes le 3 juillet 2007. Vous pouvez joindre cette d\u00e9chetterie par t\u00e9l\u00e9phone, par fax ou en vous rendant sur [&hellip;]<\/p>\n","protected":false},"author":1,"featured_media":0,"parent":0,"menu_order":0,"comment_status":"closed","ping_status":"closed","template":"","meta":{"footnotes":""},"class_list":["post-756","page","type-page","status-publish","hentry"],"_links":{"self":[{"href":"https:\/\/www.saint-frajou.com\/index.php\/wp-json\/wp\/v2\/pages\/756","targetHints":{"allow":["GET"]}}],"collection":[{"href":"https:\/\/www.saint-frajou.com\/index.php\/wp-json\/wp\/v2\/pages"}],"about":[{"href":"https:\/\/www.saint-frajou.com\/index.php\/wp-json\/wp\/v2\/types\/page"}],"author":[{"embeddable":true,"href":"https:\/\/www.saint-frajou.com\/index.php\/wp-json\/wp\/v2\/users\/1"}],"replies":[{"embeddable":true,"href":"https:\/\/www.saint-frajou.com\/index.php\/wp-json\/wp\/v2\/comments?post=756"}],"version-history":[{"count":9,"href":"https:\/\/www.saint-frajou.com\/index.php\/wp-json\/wp\/v2\/pages\/756\/revisions"}],"predecessor-version":[{"id":1776,"href":"https:\/\/www.saint-frajou.com\/index.php\/wp-json\/wp\/v2\/pages\/756\/revisions\/1776"}],"wp:attachment":[{"href":"https:\/\/www.saint-frajou.com\/index.php\/wp-json\/wp\/v2\/media?parent=756"}],"curies":[{"name":"wp","href":"https:\/\/api.w.org\/{rel}","templated":true}]}}