{"id":764,"date":"2022-02-10T18:45:54","date_gmt":"2022-02-10T17:45:54","guid":{"rendered":"http:\/\/saint-frajou.com\/?page_id=764"},"modified":"2023-04-20T08:07:59","modified_gmt":"2023-04-20T06:07:59","slug":"numeros-utiles","status":"publish","type":"page","link":"https:\/\/www.saint-frajou.com\/index.php\/numeros-utiles\/","title":{"rendered":"Num\u00e9ros utiles"},"content":{"rendered":"\t\t<div data-elementor-type=\"wp-page\" data-elementor-id=\"764\" class=\"elementor elementor-764\">\n\t\t\t\t\t\t<section class=\"elementor-section elementor-top-section elementor-element elementor-element-3cc5e0b3 elementor-section-boxed elementor-section-height-default elementor-section-height-default\" data-id=\"3cc5e0b3\" data-element_type=\"section\" data-e-type=\"section\">\n\t\t\t\t\t\t<div class=\"elementor-container elementor-column-gap-default\">\n\t\t\t\t\t<div class=\"elementor-column elementor-col-100 elementor-top-column elementor-element elementor-element-2ba1af4e\" data-id=\"2ba1af4e\" data-element_type=\"column\" data-e-type=\"column\">\n\t\t\t<div class=\"elementor-widget-wrap elementor-element-populated\">\n\t\t\t\t\t\t<div class=\"elementor-element elementor-element-76e3a66d elementor-widget elementor-widget-text-editor\" data-id=\"76e3a66d\" data-element_type=\"widget\" data-e-type=\"widget\" data-widget_type=\"text-editor.default\">\n\t\t\t\t<div class=\"elementor-widget-container\">\n\t\t\t\t\t\t\t\t\t<p><\/p>\n<p is=\"qowt-word-para\" qowt-lvl=\"undefined\" qowt-entry=\"undefined\" qowt-eid=\"E144\" id=\"E144\" class=\"qowt-stl-Normal x-scope qowt-word-para-0\"><span is=\"qowt-word-run\" qowt-eid=\"E145\" id=\"E145\"> <\/span><span is=\"qowt-word-run\" qowt-eid=\"E146\" id=\"E146\">Le Centre de Sant\u00e9- Infirmier- ADMR <\/span><\/p>\n<p is=\"qowt-word-para\" qowt-lvl=\"undefined\" qowt-entry=\"undefined\" qowt-eid=\"E148\" id=\"E148\" class=\"qowt-stl-Normal x-scope qowt-word-para-0\"><span is=\"qowt-word-run\" qowt-eid=\"E149\" id=\"E149\">Le Centre de Sant\u00e9 \u2013 Infirmier \u2013 ADMR de la Haute Garonne a pour mission:<\/span><\/p>\n<p is=\"qowt-word-para\" qowt-lvl=\"undefined\" qowt-entry=\"undefined\" qowt-eid=\"E150\" id=\"E150\" class=\"qowt-stl-Normal x-scope qowt-word-para-0\"><span is=\"qowt-word-run\" qowt-eid=\"E151\" id=\"E151\">&#8211; d`aider et accompager, \u00e0 tous les moments de leur existence, l`ensemble des<\/span><\/p>\n<p is=\"qowt-word-para\" qowt-lvl=\"undefined\" qowt-entry=\"undefined\" qowt-eid=\"E152\" id=\"E152\" class=\"qowt-stl-Normal x-scope qowt-word-para-0\"><span is=\"qowt-word-run\" qowt-eid=\"E153\" id=\"E153\"> <\/span><span is=\"qowt-word-run\" qowt-eid=\"E154\" id=\"E154\">familles ou personnes habitant sur son territoire d`intervention<\/span><\/p>\n<p is=\"qowt-word-para\" qowt-lvl=\"undefined\" qowt-entry=\"undefined\" qowt-eid=\"E155\" id=\"E155\" class=\"qowt-stl-Normal x-scope qowt-word-para-0\"><span is=\"qowt-word-run\" qowt-eid=\"E156\" id=\"E156\">&#8211; de mettre en place des services adapt\u00e9s aux attentes de la population locale<\/span><\/p>\n<p is=\"qowt-word-para\" qowt-lvl=\"undefined\" qowt-entry=\"undefined\" qowt-eid=\"E157\" id=\"E157\" class=\"qowt-stl-Normal x-scope qowt-word-para-0\"><span is=\"qowt-word-run\" qowt-eid=\"E158\" id=\"E158\">Les Centres de Sant\u00e9s sont des structures sanitaires de proximit\u00e9 dispensant<\/span><\/p>\n<p is=\"qowt-word-para\" qowt-lvl=\"undefined\" qowt-entry=\"undefined\" qowt-eid=\"E159\" id=\"E159\" class=\"qowt-stl-Normal x-scope qowt-word-para-0\"><span is=\"qowt-word-run\" qowt-eid=\"E160\" id=\"E160\">des soins de premier recours.<\/span><\/p>\n<p is=\"qowt-word-para\" qowt-lvl=\"undefined\" qowt-entry=\"undefined\" qowt-eid=\"E161\" id=\"E161\" class=\"qowt-stl-Normal x-scope qowt-word-para-0\"><span is=\"qowt-word-run\" qowt-eid=\"E162\" id=\"E162\">Le Centre de Sant\u00e9 g\u00e8re deux services:<\/span><\/p>\n<p is=\"qowt-word-para\" qowt-lvl=\"undefined\" qowt-entry=\"undefined\" qowt-eid=\"E163\" id=\"E163\" class=\"qowt-stl-Normal x-scope qowt-word-para-0\"><span is=\"qowt-word-run\" qowt-eid=\"E164\" id=\"E164\">&#8211; SSIAD ( Service d`aides- soignantes ) Tel. 0561 94 00 63 et<\/span><\/p>\n<p is=\"qowt-word-para\" qowt-lvl=\"undefined\" qowt-entry=\"undefined\" qowt-eid=\"E165\" id=\"E165\" class=\"qowt-stl-Normal x-scope qowt-word-para-0\"><span is=\"qowt-word-run\" qowt-eid=\"E166\" id=\"E166\">&#8211; CSI ( Centre de soins Infirmiers )<\/span><\/p>\n<p is=\"qowt-word-para\" qowt-lvl=\"undefined\" qowt-entry=\"undefined\" qowt-eid=\"E167\" id=\"E167\" class=\"qowt-stl-Normal x-scope qowt-word-para-0\"><span is=\"qowt-word-run\" qowt-eid=\"E168\" id=\"E168\">Nous contacter: 0561 88 60 52<\/span><\/p>\n<p is=\"qowt-word-para\" qowt-lvl=\"undefined\" qowt-entry=\"undefined\" qowt-eid=\"E169\" id=\"E169\" class=\"qowt-stl-Normal x-scope qowt-word-para-0\"><span is=\"qowt-word-run\" qowt-eid=\"E170\" id=\"E170\"> <\/span><span is=\"qowt-word-run\" qowt-eid=\"E171\" id=\"E171\">Mail: <\/span><a is=\"qowt-hyperlink\" contenteditable=\"false\" href=\"mailto:admr.csi.lisleendodon@fede31.admr.org\" qowt-eid=\"E172\" id=\"E172\" target=\"_blank\" rel=\"noopener\"><span is=\"qowt-word-run\" qowt-eid=\"E173\" id=\"E173\" class=\"qowt-stl-Internetverkn\u00fcpfung\">admr.csi.lisleendodon@fede31.admr.org<\/span><\/a><\/p>\n<p is=\"qowt-word-para\" qowt-lvl=\"undefined\" qowt-entry=\"undefined\" qowt-eid=\"E174\" id=\"E174\" class=\"qowt-stl-Normal x-scope qowt-word-para-0\"><span is=\"qowt-word-run\" qowt-eid=\"E175\" id=\"E175\">Le secretariat est ouvert de 8h30 \u00e0 17h00 du lundi \u00e0 vendredi et le samedi matin except\u00e9 les jours f\u00e9ries.<\/span><\/p>\n<p is=\"qowt-word-para\" qowt-lvl=\"undefined\" qowt-entry=\"undefined\" qowt-eid=\"E176\" id=\"E176\" class=\"qowt-stl-Normal x-scope qowt-word-para-0\"><span is=\"qowt-word-run\" qowt-eid=\"E177\" id=\"E177\">Le SAAD ( Service d`aide et d`accompagnement \u00e0 Domicile )qui \u00e9tait aussi stu\u00e9 dans les locaux du Centre a demenag\u00e9 dans les locaux de la F\u00e9d\u00e9ration, Route de Toulouse 31230 en L`Isle en Dodon. Dans les locaux du Centre sont aussi install\u00e9s trois m\u00e9decins g\u00e9n\u00e9ralistes et une<\/span><\/p>\n<p is=\"qowt-word-para\" qowt-lvl=\"undefined\" qowt-entry=\"undefined\" qowt-eid=\"E178\" id=\"E178\" class=\"qowt-stl-Normal x-scope qowt-word-para-0\"><span is=\"qowt-word-run\" qowt-eid=\"E179\" id=\"E179\">P\u00e9dicure- Podologue:<\/span><\/p>\n<p is=\"qowt-word-para\" qowt-lvl=\"undefined\" qowt-entry=\"undefined\" qowt-eid=\"E180\" id=\"E180\" class=\"qowt-stl-Normal x-scope qowt-word-para-0\"><span is=\"qowt-word-run\" qowt-eid=\"E181\" id=\"E181\">&#8211; Dr. Dantas Isabel Alves<\/span><\/p>\n<p is=\"qowt-word-para\" qowt-lvl=\"undefined\" qowt-entry=\"undefined\" qowt-eid=\"E182\" id=\"E182\" class=\"qowt-stl-Normal x-scope qowt-word-para-0\"><span is=\"qowt-word-run\" qowt-eid=\"E183\" id=\"E183\"> <\/span><span is=\"qowt-word-run\" qowt-eid=\"E184\" id=\"E184\">Chemin des Escarr\u00e8res<\/span><\/p>\n<p is=\"qowt-word-para\" qowt-lvl=\"undefined\" qowt-entry=\"undefined\" qowt-eid=\"E185\" id=\"E185\" class=\"qowt-stl-Normal x-scope qowt-word-para-0\"><span is=\"qowt-word-run\" qowt-eid=\"E186\" id=\"E186\"> <\/span><span is=\"qowt-word-run\" qowt-eid=\"E187\" id=\"E187\">Tel: 05 61 88 70 85 <\/span><\/p>\n<p is=\"qowt-word-para\" qowt-lvl=\"undefined\" qowt-entry=\"undefined\" qowt-eid=\"E188\" id=\"E188\" class=\"qowt-stl-Normal x-scope qowt-word-para-0\"><span is=\"qowt-word-run\" qowt-eid=\"E189\" id=\"E189\">&#8211; Dr. De Castro T\u00e9r\u00e9sa Bastos Bento<\/span><\/p>\n<p is=\"qowt-word-para\" qowt-lvl=\"undefined\" qowt-entry=\"undefined\" qowt-eid=\"E190\" id=\"E190\" class=\"qowt-stl-Normal x-scope qowt-word-para-0\"><span is=\"qowt-word-run\" qowt-eid=\"E191\" id=\"E191\"> <\/span><span is=\"qowt-word-run\" qowt-eid=\"E192\" id=\"E192\">Chemin des Escarr\u00e8res<\/span><\/p>\n<p is=\"qowt-word-para\" qowt-lvl=\"undefined\" qowt-entry=\"undefined\" qowt-eid=\"E193\" id=\"E193\" class=\"qowt-stl-Normal x-scope qowt-word-para-0\"><span is=\"qowt-word-run\" qowt-eid=\"E194\" id=\"E194\"> <\/span><span is=\"qowt-word-run\" qowt-eid=\"E195\" id=\"E195\">Tel.: 0561 79 27 99 <\/span><\/p>\n<p is=\"qowt-word-para\" qowt-lvl=\"undefined\" qowt-entry=\"undefined\" qowt-eid=\"E196\" id=\"E196\" class=\"qowt-stl-Normal x-scope qowt-word-para-0\"><span is=\"qowt-word-run\" qowt-eid=\"E197\" id=\"E197\">&#8211; Dr.Olivera Saturnino De Sousa<\/span><\/p>\n<p is=\"qowt-word-para\" qowt-lvl=\"undefined\" qowt-entry=\"undefined\" qowt-eid=\"E198\" id=\"E198\" class=\"qowt-stl-Normal x-scope qowt-word-para-0\"><span is=\"qowt-word-run\" qowt-eid=\"E199\" id=\"E199\"> <\/span><span is=\"qowt-word-run\" qowt-eid=\"E200\" id=\"E200\">Chemin des Escarr\u00e8res<\/span><\/p>\n<p is=\"qowt-word-para\" qowt-lvl=\"undefined\" qowt-entry=\"undefined\" qowt-eid=\"E201\" id=\"E201\" class=\"qowt-stl-Normal x-scope qowt-word-para-0\"><span is=\"qowt-word-run\" qowt-eid=\"E202\" id=\"E202\"> <\/span><span is=\"qowt-word-run\" qowt-eid=\"E203\" id=\"E203\">Tel.: 0561 88 67 28<\/span><\/p>\n<p is=\"qowt-word-para\" qowt-lvl=\"undefined\" qowt-entry=\"undefined\" qowt-eid=\"E204\" id=\"E204\" class=\"qowt-stl-Normal x-scope qowt-word-para-0\"><span is=\"qowt-word-run\" qowt-eid=\"E205\" id=\"E205\">&#8211; La Podologue Carole Richou prend rendez-vous au 06 81 15 53 76<\/span><\/p>\n<p is=\"qowt-word-para\" qowt-lvl=\"undefined\" qowt-entry=\"undefined\" qowt-eid=\"E206\" id=\"E206\" class=\"qowt-stl-Normal x-scope qowt-word-para-0\"><span is=\"qowt-word-run\" qowt-eid=\"E207\" id=\"E207\">Depuis le 2 janvier, les m\u00e9decins prennent sur rendez-vous , m\u00eame pour les<\/span><\/p>\n<p is=\"qowt-word-para\" qowt-lvl=\"undefined\" qowt-entry=\"undefined\" qowt-eid=\"E208\" id=\"E208\" class=\"qowt-stl-Normal x-scope qowt-word-para-0\"><span is=\"qowt-word-run\" qowt-eid=\"E209\" id=\"E209\">urgences. Vous devez t\u00e9l\u00e9phoner sur leur t\u00e9l\u00e9phone fixe, une secr\u00e9taire<\/span><\/p>\n<p is=\"qowt-word-para\" qowt-lvl=\"undefined\" qowt-entry=\"undefined\" qowt-eid=\"E210\" id=\"E210\" class=\"qowt-stl-Normal x-scope qowt-word-para-0\"><span is=\"qowt-word-run\" qowt-eid=\"E211\" id=\"E211\">vous fixera le rendez-vous.<\/span><\/p>\n<p><\/p>\n<p><\/p>\n<h4 class=\"wp-block-heading\" id=\"medecins-generales\"><strong>\u00a0<\/strong><\/h4>\n<h4 id=\"medecins-generales\"><strong>\u00a0<\/strong><\/h4>\n<h4 id=\"medecins-generales\"><strong>M\u00e9decins g\u00e9n\u00e9rales :\u00a0<\/strong><\/h4>\n<div><strong>\u00a0<\/strong><\/div>\n<p><\/p>\n<p><\/p>\n<figure class=\"wp-block-table\">\n<table>\n<tbody>\n<tr>\n<th><strong>\u00a0Docteurs<\/strong><\/th>\n<th><strong>Num\u00e9ros de t\u00e9l\u00e9phones<\/strong><\/th>\n<th><strong>Adresses<\/strong><\/th>\n<\/tr>\n<tr>\n<td><strong>Marie-Chantal Castex\u00a0<\/strong><\/td>\n<td>05 61 94 63 70<\/td>\n<td><a href=\"https:\/\/www.pagesjaunes.fr\/carte?bloc_id=056194637000010000C0001&amp;no_sequence=0&amp;code_rubrique=58050400\">16 r Ste Croix, 31230\u00a0ISLE EN DODON<\/a><\/td>\n<\/tr>\n<tr>\n<td><strong>T\u00e9r\u00e9sa Bastos Bento De Castro\u00a0<\/strong><\/td>\n<td>05 61 79 27 99<\/td>\n<td><a href=\"https:\/\/www.pagesjaunes.fr\/carte?bloc_id=8HBIKLBC0001&amp;no_sequence=1&amp;code_rubrique=58050400\">chem Escarreres, 31230\u00a0ISLE EN DODON<\/a><\/td>\n<\/tr>\n<\/tbody>\n<\/table>\n<\/figure>\n<p><\/p>\n<p><\/p>\n<p><a><\/a><\/p>\n<p><\/p>\n<p><\/p>\n<h4 class=\"wp-block-heading\" id=\"chirurgiens-dentistes\"><strong>\u00a0Chirurgiens-dentistes :<\/strong><\/h4>\n<p><\/p>\n<p><\/p>\n<figure class=\"wp-block-table\">\n<table>\n<tbody>\n<tr>\n<th><strong>Chirurgien-Dentiste<\/strong><\/th>\n<th><strong>Num\u00e9ros de t\u00e9l\u00e9phones<\/strong><\/th>\n<th><strong>Adresses<\/strong><\/th>\n<\/tr>\n<tr>\n<td><strong><a href=\"https:\/\/www.pagesjaunes.fr\/pros\/55203203\">Alejandra Calvo Sanchez<\/a><\/strong><\/td>\n<td>05 61 94 00 35\u00a0<\/td>\n<td><a href=\"https:\/\/www.pagesjaunes.fr\/carte?bloc_id=8H0ZONBC0001&amp;no_sequence=1&amp;code_rubrique=58050200\">6 av 11 Novembre 1918, 31230\u00a0ISLE EN DODON\u00a0<\/a><\/td>\n<\/tr>\n<tr>\n<td><strong>Gauvin Guy<\/strong><\/td>\n<td>05 61 88 67 0005 61 94 00 35<\/td>\n<td>6\u00a0av 11 Novembre 1918, 31230\u00a0ISLE EN DODON<\/td>\n<\/tr>\n<\/tbody>\n<\/table>\n<\/figure>\n<p><\/p>\n<p><\/p>\n<p><a><\/a><\/p>\n<p><\/p>\n<p><\/p>\n<h4 class=\"wp-block-heading\" id=\"kinesitherapeutes\"><strong>Kin\u00e9sith\u00e9rapeutes :<\/strong><\/h4>\n<p><\/p>\n<p><\/p>\n<figure class=\"wp-block-table\">\n<table>\n<tbody>\n<tr>\n<th><strong>Kin\u00e9sith\u00e9rapeutes<\/strong><\/th>\n<th><strong>T\u00e9l\u00e9phones<\/strong><\/th>\n<th><strong>Adresses<\/strong><\/th>\n<\/tr>\n<tr>\n<td><strong>Les Bains (SCM)<\/strong><\/td>\n<td>05 61 94 01 4709 63 43 26 50<\/td>\n<td>72\u00a0bd Martyrs de Meilhan, 31230\u00a0ISLE EN DODON<\/td>\n<\/tr>\n<tr>\n<td><strong>Ma\u00efwenn Madec<\/strong><\/td>\n<td>05 61 88 63 34<\/td>\n<td>5\u00a0r Droite, 31230\u00a0ISLE EN DODON<\/td>\n<\/tr>\n<\/tbody>\n<\/table>\n<\/figure>\n<p><\/p>\n<p><\/p>\n<p><a><\/a><\/p>\n<p><\/p>\n<p><\/p>\n<h4 class=\"wp-block-heading\" id=\"osteopathe\"><strong>Ost\u00e9opathe :<\/strong><\/h4>\n<p><\/p>\n<p><\/p>\n<figure class=\"wp-block-table\">\n<table>\n<tbody>\n<tr>\n<th><strong>Ost\u00e9opathe<\/strong><\/th>\n<th><strong>T\u00e9l\u00e9phone<\/strong><\/th>\n<th><strong>Adresse<\/strong><\/th>\n<\/tr>\n<tr>\n<td><strong>Eric Castella<\/strong><\/td>\n<td>06 08 54 85 29<\/td>\n<td>11\u00a0r Droite, 31230\u00a0ISLE EN DODON<\/td>\n<\/tr>\n<\/tbody>\n<\/table>\n<\/figure>\n<p><\/p>\n<p><\/p>\n<p><a><\/a><\/p>\n<p><\/p>\n<p><\/p>\n<h4 class=\"wp-block-heading\" id=\"infirmieres-et-aides-soignantes\">Infirmi\u00e8res et aides soignantes :<\/h4>\n<p><\/p>\n<p><\/p>\n<figure class=\"wp-block-table\">\n<table>\n<tbody>\n<tr>\n<th><strong>Infirmi\u00e8res et aides soignantes<\/strong><\/th>\n<th><strong>T\u00e9l\u00e9phones<\/strong><\/th>\n<th><strong>Adresses<\/strong><\/th>\n<\/tr>\n<tr>\n<td><strong>ADMR<\/strong><\/td>\n<td>\u00a005 61 88 17 00<\/td>\n<td>FAUBOURG DU PRE COMMUN\u00a031230 L ISLE EN DODON<\/td>\n<\/tr>\n<tr>\n<td><strong>Centre De Soins Infirmiers<\/strong><\/td>\n<td>\u00a005 61 88 60 52<\/td>\n<td>Fg Du Pre Commun\u00a01\u00a0r Ste Croix, 31230\u00a0ISLE EN DODON<\/td>\n<\/tr>\n<tr>\n<td><strong><a href=\"https:\/\/www.pagesjaunes.fr\/pros\/55008039\">Laurent Tremoulet<\/a>\u00a0<a href=\"https:\/\/www.pagesjaunes.fr\/pros\/55981673\">Catherine Brumas<\/a><\/strong><\/td>\n<td>\u00a005 61 94 00 42<\/td>\n<td><a href=\"https:\/\/www.pagesjaunes.fr\/carte?bloc_id=056194004200010000C0001&amp;no_sequence=0&amp;code_rubrique=58101800\">7 Bis bd Martyrs de Meilhan, 31230\u00a0L&rsquo;ISLE EN DODON<\/a><\/td>\n<\/tr>\n<\/tbody>\n<\/table>\n<\/figure>\n<p><\/p>\n<p><\/p>\n<p><a><\/a><\/p>\n<p><\/p>\n<p><\/p>\n<h4 class=\"wp-block-heading\" id=\"sage-femme\"><strong>Sage-femme :<\/strong><\/h4>\n<p><\/p>\n<p><\/p>\n<figure class=\"wp-block-table\">\n<table>\n<tbody>\n<tr>\n<td><strong>\u00a0Sage-femme<\/strong><\/td>\n<td><strong>\u00a0Num\u00e9ro<\/strong><\/td>\n<td><strong>\u00a0Adresse<\/strong><\/td>\n<\/tr>\n<tr>\n<td>\u00a0B\u00e9atrice DE KERIMEL<\/td>\n<td>\u00a006 75 68 36 45<\/td>\n<td>\u00a011 rue droite 31230 L&rsquo;ISLE EN DODON<\/td>\n<\/tr>\n<\/tbody>\n<\/table>\n<\/figure>\n<p><\/p>\n<p><\/p>\n<p><a><\/a><\/p>\n<p><\/p>\n<p><\/p>\n<h4 class=\"wp-block-heading\" id=\"cabinet-veterinaire-calot\">Cabinet V\u00e9t\u00e9rinaire Calot<\/h4>\n<p><\/p>\n<p><\/p>\n<ul class=\"wp-block-list\">\n<li><strong>Adresse :\u00a0<\/strong><br \/>64 bld des Martyrs de Meilhan,<br \/>31230 L&rsquo;isle-en-dodon<br \/>T\u00e9l : 05 61 94 44 32<\/li>\n<\/ul>\n<p><\/p>\t\t\t\t\t\t\t\t<\/div>\n\t\t\t\t<\/div>\n\t\t\t\t\t<\/div>\n\t\t<\/div>\n\t\t\t\t\t<\/div>\n\t\t<\/section>\n\t\t\t\t<section class=\"elementor-section elementor-top-section elementor-element elementor-element-bc928c9 elementor-section-boxed elementor-section-height-default elementor-section-height-default\" data-id=\"bc928c9\" data-element_type=\"section\" data-e-type=\"section\">\n\t\t\t\t\t\t<div class=\"elementor-container elementor-column-gap-default\">\n\t\t\t\t\t<div class=\"elementor-column elementor-col-100 elementor-top-column elementor-element elementor-element-4bea80b\" data-id=\"4bea80b\" data-element_type=\"column\" data-e-type=\"column\">\n\t\t\t<div class=\"elementor-widget-wrap\">\n\t\t\t\t\t\t\t<\/div>\n\t\t<\/div>\n\t\t\t\t\t<\/div>\n\t\t<\/section>\n\t\t\t\t<\/div>\n\t\t","protected":false},"excerpt":{"rendered":"<p>Le Centre de Sant\u00e9- Infirmier- ADMR Le Centre de Sant\u00e9 \u2013 Infirmier \u2013 ADMR de la Haute Garonne a pour mission: &#8211; d`aider et accompager, \u00e0 tous les moments de leur existence, l`ensemble des familles ou personnes habitant sur son territoire d`intervention &#8211; de mettre en place des services adapt\u00e9s [&hellip;]<\/p>\n","protected":false},"author":1,"featured_media":0,"parent":0,"menu_order":0,"comment_status":"closed","ping_status":"closed","template":"","meta":{"footnotes":""},"class_list":["post-764","page","type-page","status-publish","hentry"],"_links":{"self":[{"href":"https:\/\/www.saint-frajou.com\/index.php\/wp-json\/wp\/v2\/pages\/764","targetHints":{"allow":["GET"]}}],"collection":[{"href":"https:\/\/www.saint-frajou.com\/index.php\/wp-json\/wp\/v2\/pages"}],"about":[{"href":"https:\/\/www.saint-frajou.com\/index.php\/wp-json\/wp\/v2\/types\/page"}],"author":[{"embeddable":true,"href":"https:\/\/www.saint-frajou.com\/index.php\/wp-json\/wp\/v2\/users\/1"}],"replies":[{"embeddable":true,"href":"https:\/\/www.saint-frajou.com\/index.php\/wp-json\/wp\/v2\/comments?post=764"}],"version-history":[{"count":8,"href":"https:\/\/www.saint-frajou.com\/index.php\/wp-json\/wp\/v2\/pages\/764\/revisions"}],"predecessor-version":[{"id":1430,"href":"https:\/\/www.saint-frajou.com\/index.php\/wp-json\/wp\/v2\/pages\/764\/revisions\/1430"}],"wp:attachment":[{"href":"https:\/\/www.saint-frajou.com\/index.php\/wp-json\/wp\/v2\/media?parent=764"}],"curies":[{"name":"wp","href":"https:\/\/api.w.org\/{rel}","templated":true}]}}